{"id":1491,"date":"2022-06-28T07:17:47","date_gmt":"2022-06-28T07:17:47","guid":{"rendered":"https:\/\/hoel-gaard.no\/history-of-the-farm\/"},"modified":"2025-12-05T09:47:34","modified_gmt":"2025-12-05T09:47:34","slug":"history-of-the-farm","status":"publish","type":"page","link":"https:\/\/hoel-gaard.no\/en\/history-of-the-farm\/","title":{"rendered":"History of the farm"},"content":{"rendered":"<div class=\"gb-container gb-container-6e085524 gb-container-header\"><div class=\"gb-inside-container\">\n\n<figure class=\"gb-block-image gb-block-image-399a4c2c\"><img decoding=\"async\" width=\"3840\" height=\"2560\" class=\"gb-image gb-image-399a4c2c gb-image-header\" src=\"https:\/\/hoel-gaard.no\/wp-content\/uploads\/2025\/03\/oivindhaug_Hoel_Gard_13-10-22_3389.jpg\" alt=\"\" title=\"Hoel G\u00e5rd\" srcset=\"https:\/\/hoel-gaard.no\/wp-content\/uploads\/2025\/03\/oivindhaug_Hoel_Gard_13-10-22_3389.jpg 3840w, https:\/\/hoel-gaard.no\/wp-content\/uploads\/2025\/03\/oivindhaug_Hoel_Gard_13-10-22_3389-300x200.jpg 300w, https:\/\/hoel-gaard.no\/wp-content\/uploads\/2025\/03\/oivindhaug_Hoel_Gard_13-10-22_3389-1024x683.jpg 1024w, https:\/\/hoel-gaard.no\/wp-content\/uploads\/2025\/03\/oivindhaug_Hoel_Gard_13-10-22_3389-768x512.jpg 768w, https:\/\/hoel-gaard.no\/wp-content\/uploads\/2025\/03\/oivindhaug_Hoel_Gard_13-10-22_3389-1536x1024.jpg 1536w, https:\/\/hoel-gaard.no\/wp-content\/uploads\/2025\/03\/oivindhaug_Hoel_Gard_13-10-22_3389-2048x1365.jpg 2048w\" sizes=\"(max-width: 3840px) 100vw, 3840px\" \/><\/figure>\n\n<\/div><\/div>\n\n<div class=\"gb-container gb-container-16f5eb3c gb-container-base\"><div class=\"gb-inside-container\">\n<div class=\"gb-grid-wrapper gb-grid-wrapper-5ef96b13 gb-grid-wrapper-44dce09e\">\n<div class=\"gb-grid-column gb-grid-column-98ff6f6b\"><div class=\"gb-container gb-container-98ff6f6b\"><div class=\"gb-inside-container\">\n\n<h2 class=\"gb-headline gb-headline-9544f1b7 gb-headline-text\"><em>OPERATIONS OF THE DAY.<\/em> <\/h2>\n\n\n\n<p><em>Hoel G\u00e5rd is today a farm hotel, in addition to full agricultural operations. The farm is managed with respect for past and future generations. The farm culture lives on through traditions and activities as part of daily operations.  <\/em><\/p>\n\n\n\n<p><em>The farm has 1,350 acres of cultivated land divided between grain and potatoes. The barn also produces 250,000 chickens per year (broilers). <\/em><\/p>\n\n\n\n<p><em>The farm has an idyllic location on the southern slope down towards Lake Mj\u00f8sa. The listed main building, with a floor area of 350 m2, gives our visitors a sense of large, stately rooms and dimensions, with the planted terrace garden as a very unique setting. The stones in the terrace garden were originally taken from the cathedral gardens in Hamar. The old pig house is actively used every day as a restaurant, reception, conference area and for other events.   <\/em><\/p>\n\n\n\n<p><em>In addition to traditional farm operations, businesses, groups and individuals can use the farm facilities for courses\/conferences, weddings, accommodation and exquisite experiences &#8211; all year round. We normally have weddings every weekend from the end of April to mid-October, and conferences the rest of the year. We started with individual guests in the summer of 2020 and currently offer this from the end of June to the beginning of August each year. We have our own Skibladner jetty that you can use if you arrive at the farm via Mj\u00f8sa. Skibladner can also dock here if needed.    <\/em><\/p>\n\n<\/div><\/div><\/div>\n\n<div class=\"gb-grid-column gb-grid-column-50de0e4c\"><div class=\"gb-container gb-container-50de0e4c\"><div class=\"gb-inside-container\">\n\n<figure class=\"gb-block-image gb-block-image-80c34bb1\"><img decoding=\"async\" width=\"2560\" height=\"1706\" class=\"gb-image gb-image-80c34bb1 gb-image-grid-image\" src=\"https:\/\/hoel-gaard.no\/wp-content\/uploads\/2022\/06\/oivindhaug_Hoel_Gard_22-06-15_1618-scaled.jpg\" alt=\"\" title=\"Hoel g\u00e5rd\" srcset=\"https:\/\/hoel-gaard.no\/wp-content\/uploads\/2022\/06\/oivindhaug_Hoel_Gard_22-06-15_1618-scaled.jpg 2560w, https:\/\/hoel-gaard.no\/wp-content\/uploads\/2022\/06\/oivindhaug_Hoel_Gard_22-06-15_1618-300x200.jpg 300w, https:\/\/hoel-gaard.no\/wp-content\/uploads\/2022\/06\/oivindhaug_Hoel_Gard_22-06-15_1618-1024x682.jpg 1024w, https:\/\/hoel-gaard.no\/wp-content\/uploads\/2022\/06\/oivindhaug_Hoel_Gard_22-06-15_1618-768x512.jpg 768w, https:\/\/hoel-gaard.no\/wp-content\/uploads\/2022\/06\/oivindhaug_Hoel_Gard_22-06-15_1618-1536x1024.jpg 1536w, https:\/\/hoel-gaard.no\/wp-content\/uploads\/2022\/06\/oivindhaug_Hoel_Gard_22-06-15_1618-2048x1365.jpg 2048w\" sizes=\"(max-width: 2560px) 100vw, 2560px\" \/><\/figure>\n\n<\/div><\/div><\/div>\n<\/div>\n<\/div><\/div>\n\n<div class=\"gb-container gb-container-bd57d562 gb-container-base\"><div class=\"gb-inside-container\">\n<div class=\"gb-grid-wrapper gb-grid-wrapper-094522fe gb-grid-wrapper-44dce09e\">\n<div class=\"gb-grid-column gb-grid-column-102c4ba2\"><div class=\"gb-container gb-container-102c4ba2\"><div class=\"gb-inside-container\">\n\n<figure class=\"gb-block-image gb-block-image-2553584d\"><img decoding=\"async\" width=\"1067\" height=\"1600\" class=\"gb-image gb-image-2553584d gb-image-grid-image\" src=\"https:\/\/hoel-gaard.no\/wp-content\/uploads\/2024\/11\/hoelgard2024.ingerpaulsenfotografi126.jpeg\" alt=\"\" title=\"Hoel g\u00e5rd\" srcset=\"https:\/\/hoel-gaard.no\/wp-content\/uploads\/2024\/11\/hoelgard2024.ingerpaulsenfotografi126.jpeg 1067w, https:\/\/hoel-gaard.no\/wp-content\/uploads\/2024\/11\/hoelgard2024.ingerpaulsenfotografi126-200x300.jpeg 200w, https:\/\/hoel-gaard.no\/wp-content\/uploads\/2024\/11\/hoelgard2024.ingerpaulsenfotografi126-683x1024.jpeg 683w, https:\/\/hoel-gaard.no\/wp-content\/uploads\/2024\/11\/hoelgard2024.ingerpaulsenfotografi126-768x1152.jpeg 768w, https:\/\/hoel-gaard.no\/wp-content\/uploads\/2024\/11\/hoelgard2024.ingerpaulsenfotografi126-1024x1536.jpeg 1024w\" sizes=\"(max-width: 1067px) 100vw, 1067px\" \/><\/figure>\n\n\n\n<p style=\"font-size:12px\"><em>Photo: Inger Paulsen<\/em><\/p>\n\n<\/div><\/div><\/div>\n\n<div class=\"gb-grid-column gb-grid-column-1bed15a5\"><div class=\"gb-container gb-container-1bed15a5\"><div class=\"gb-inside-container\">\n\n<p><em>We have 75 beds in 37 rooms, and the rooms are offered in the main building, the garden suite in the garden in front of the main building, the porter&#8217;s lodgings a stone&#8217;s throw from Lake Mj\u00f8sa + the manager&#8217;s lodging and the welder&#8217;s lodging up in the yard behind the barn.<\/em><\/p>\n\n\n\n<p><em>The current owners, Sabine and Christian Fredrik, work daily to develop the farm and the concept to match current demand and needs. They spend a lot of time and resources on renovation, development and sharpening the concept to exploit the potential of the farm to the full. In the fall of 2024, we opened a new bathhouse with a fitness room and fireplace lounge a stone&#8217;s throw from Lake Mj\u00f8sa, a separate sauna, steam room and more.  <\/em><\/p>\n\n\n\n<p><em>We are also a member of De Historiske Hotell og Spisesteder (The Historic Hotels and Restaurants), which we are proud of and which is a seal of quality we work for every single day. In 2023, we were voted top 3 out of a total of 66 historic hotels in Norway. <\/em><\/p>\n\n\n\n<p><em>We hope you have a great stay as a guest at the farm, and experience all the details we focus on every single day to give you the best experience.<\/em><\/p>\n\n\n\n<p><em>Welcome!<\/em><\/p>\n\n<\/div><\/div><\/div>\n<\/div>\n<\/div><\/div>\n\n<div class=\"gb-container gb-container-f6837b83 gb-container-base\"><div class=\"gb-inside-container\">\n<div class=\"gb-grid-wrapper gb-grid-wrapper-0c6805a8 gb-grid-wrapper-44dce09e\">\n<div class=\"gb-grid-column gb-grid-column-7a6eef56\"><div class=\"gb-container gb-container-7a6eef56\"><div class=\"gb-inside-container\">\n\n<p class=\"has-text-align-center\"><em>The history that is visible everywhere <\/em><br><em>on the farm. <\/em><em>Also with the old oak tree,<\/em><br><em>which is more than 600 years old.<\/em><\/p>\n\n<\/div><\/div><\/div>\n\n<div class=\"gb-grid-column gb-grid-column-90776add\"><div class=\"gb-container gb-container-90776add\"><div class=\"gb-inside-container\">\n\n<figure class=\"gb-block-image gb-block-image-92055263\"><img decoding=\"async\" width=\"2560\" height=\"1707\" class=\"gb-image gb-image-92055263 gb-image-grid-image\" src=\"https:\/\/hoel-gaard.no\/wp-content\/uploads\/2022\/06\/oivindhaug_Hoel_Gard_22-06-14_0916-scaled.jpg\" alt=\"\" title=\"Hoel g\u00e5rd\" srcset=\"https:\/\/hoel-gaard.no\/wp-content\/uploads\/2022\/06\/oivindhaug_Hoel_Gard_22-06-14_0916-scaled.jpg 2560w, https:\/\/hoel-gaard.no\/wp-content\/uploads\/2022\/06\/oivindhaug_Hoel_Gard_22-06-14_0916-300x200.jpg 300w, https:\/\/hoel-gaard.no\/wp-content\/uploads\/2022\/06\/oivindhaug_Hoel_Gard_22-06-14_0916-1024x683.jpg 1024w, https:\/\/hoel-gaard.no\/wp-content\/uploads\/2022\/06\/oivindhaug_Hoel_Gard_22-06-14_0916-768x512.jpg 768w, https:\/\/hoel-gaard.no\/wp-content\/uploads\/2022\/06\/oivindhaug_Hoel_Gard_22-06-14_0916-1536x1024.jpg 1536w, https:\/\/hoel-gaard.no\/wp-content\/uploads\/2022\/06\/oivindhaug_Hoel_Gard_22-06-14_0916-2048x1365.jpg 2048w\" sizes=\"(max-width: 2560px) 100vw, 2560px\" \/><\/figure>\n\n<\/div><\/div><\/div>\n<\/div>\n<\/div><\/div>\n\n<div class=\"gb-container gb-container-e294a947 gb-container-base\"><div class=\"gb-inside-container\">\n<div class=\"gb-grid-wrapper gb-grid-wrapper-a4a67b5a gb-grid-wrapper-44dce09e\">\n<div class=\"gb-grid-column gb-grid-column-176d7827\"><div class=\"gb-container gb-container-176d7827\"><div class=\"gb-inside-container\">\n\n<figure class=\"gb-block-image gb-block-image-9c3d2fb5\"><img decoding=\"async\" width=\"1707\" height=\"2560\" class=\"gb-image gb-image-9c3d2fb5 gb-image-grid-image\" src=\"https:\/\/hoel-gaard.no\/wp-content\/uploads\/2025\/03\/oivindhaug_Hoel_Gard_13-10-22_3421-2.jpg\" alt=\"\" title=\"Hoel G\u00e5rd\" srcset=\"https:\/\/hoel-gaard.no\/wp-content\/uploads\/2025\/03\/oivindhaug_Hoel_Gard_13-10-22_3421-2.jpg 1707w, https:\/\/hoel-gaard.no\/wp-content\/uploads\/2025\/03\/oivindhaug_Hoel_Gard_13-10-22_3421-2-200x300.jpg 200w, https:\/\/hoel-gaard.no\/wp-content\/uploads\/2025\/03\/oivindhaug_Hoel_Gard_13-10-22_3421-2-683x1024.jpg 683w, https:\/\/hoel-gaard.no\/wp-content\/uploads\/2025\/03\/oivindhaug_Hoel_Gard_13-10-22_3421-2-768x1152.jpg 768w, https:\/\/hoel-gaard.no\/wp-content\/uploads\/2025\/03\/oivindhaug_Hoel_Gard_13-10-22_3421-2-1024x1536.jpg 1024w, https:\/\/hoel-gaard.no\/wp-content\/uploads\/2025\/03\/oivindhaug_Hoel_Gard_13-10-22_3421-2-1366x2048.jpg 1366w\" sizes=\"(max-width: 1707px) 100vw, 1707px\" \/><\/figure>\n\n<\/div><\/div><\/div>\n\n<div class=\"gb-grid-column gb-grid-column-df9d216d\"><div class=\"gb-container gb-container-df9d216d\"><div class=\"gb-inside-container\">\n\n<h2 class=\"gb-headline gb-headline-5dc9157d gb-headline-text\"><em>THE FARM HISTORY OF HOEL FARM.<\/em><\/h2>\n\n\n\n<p><em>Hoel G\u00e5rd is mentioned in writing for the first time in a papal letter from around 1390. However, artifacts have been found on the farm that indicate settlement from the 600s and are preserved on the farm. <\/em><\/p>\n\n\n\n<p><em>The farm was owned by the church until 1537 and then by the Crown until the end of the 17th century. It then became privately owned and a family tradition of almost 200 years followed. <\/em><\/p>\n\n\n\n<p><em>Halvor Hoel has been called the first true Norwegian peasant chieftain and was one of the drivers of this period. He led the local farmers&#8217; fight against the civil service and the silver tax after 1814. His good-natured ghost can still be seen on the farm and his funeral wreath in the attic must not be touched. According to the legend, both the farm and the land could go wrong. In 1867, the farm was sold to Peter Wessel Wind Kildahl. He carried out an extensive rebuilding and planted the linden avenue of about 1600 meters. He also built the U-shaped barn with a floor area of around 3,000 square meters and beautiful bell towers. These have become a hallmark of the farm. In 1932, the farm came into the Sandberg family&#8217;s ownership and is now run by the fourth generation &#8211; Sabine and Christian Fredrik Sandberg Hoel.        <\/em><\/p>\n\n<\/div><\/div><\/div>\n<\/div>\n<\/div><\/div>\n\n<div class=\"gb-container gb-container-2ad7e611 gb-container-base\"><div class=\"gb-inside-container\">\n\n<figure class=\"gb-block-image gb-block-image-f1923d5a\"><img decoding=\"async\" width=\"2560\" height=\"1785\" class=\"gb-image gb-image-f1923d5a gb-image-grid-image\" src=\"https:\/\/hoel-gaard.no\/wp-content\/uploads\/2025\/03\/Hoel-Gard_drone_hovedhus_mjosa_2019_Foto_Ian_Brodie-7-scaled.jpg\" alt=\"\" title=\"Hoel G\u00e5rd_drone_hovedhus_mj\u00f8sa_2019_Photo_Ian_Brodie (7)\" srcset=\"https:\/\/hoel-gaard.no\/wp-content\/uploads\/2025\/03\/Hoel-Gard_drone_hovedhus_mjosa_2019_Foto_Ian_Brodie-7-scaled.jpg 2560w, https:\/\/hoel-gaard.no\/wp-content\/uploads\/2025\/03\/Hoel-Gard_drone_hovedhus_mjosa_2019_Foto_Ian_Brodie-7-300x209.jpg 300w, https:\/\/hoel-gaard.no\/wp-content\/uploads\/2025\/03\/Hoel-Gard_drone_hovedhus_mjosa_2019_Foto_Ian_Brodie-7-1024x714.jpg 1024w, https:\/\/hoel-gaard.no\/wp-content\/uploads\/2025\/03\/Hoel-Gard_drone_hovedhus_mjosa_2019_Foto_Ian_Brodie-7-768x535.jpg 768w, https:\/\/hoel-gaard.no\/wp-content\/uploads\/2025\/03\/Hoel-Gard_drone_hovedhus_mjosa_2019_Foto_Ian_Brodie-7-1536x1071.jpg 1536w, https:\/\/hoel-gaard.no\/wp-content\/uploads\/2025\/03\/Hoel-Gard_drone_hovedhus_mjosa_2019_Foto_Ian_Brodie-7-2048x1428.jpg 2048w\" sizes=\"(max-width: 2560px) 100vw, 2560px\" \/><\/figure>\n\n<\/div><\/div>\n\n<div class=\"gb-container gb-container-131cb99d gb-container-base\" id=\"parking\"><div class=\"gb-inside-container\">\n\n<figure class=\"gb-block-image gb-block-image-c8cb678d\"><img decoding=\"async\" width=\"2560\" height=\"1670\" class=\"gb-image gb-image-c8cb678d gb-image-grid-image\" id=\"el-kart\" src=\"https:\/\/hoel-gaard.no\/wp-content\/uploads\/2022\/07\/Kart-over-Hoel-Gard-2022-scaled.jpg\" alt=\"\" title=\"Kart-over-Hoel-G\u00e5rd-2022\" srcset=\"https:\/\/hoel-gaard.no\/wp-content\/uploads\/2022\/07\/Kart-over-Hoel-Gard-2022-scaled.jpg 2560w, https:\/\/hoel-gaard.no\/wp-content\/uploads\/2022\/07\/Kart-over-Hoel-Gard-2022-300x196.jpg 300w, https:\/\/hoel-gaard.no\/wp-content\/uploads\/2022\/07\/Kart-over-Hoel-Gard-2022-1024x668.jpg 1024w, https:\/\/hoel-gaard.no\/wp-content\/uploads\/2022\/07\/Kart-over-Hoel-Gard-2022-768x501.jpg 768w, https:\/\/hoel-gaard.no\/wp-content\/uploads\/2022\/07\/Kart-over-Hoel-Gard-2022-1536x1002.jpg 1536w, https:\/\/hoel-gaard.no\/wp-content\/uploads\/2022\/07\/Kart-over-Hoel-Gard-2022-2048x1336.jpg 2048w\" sizes=\"(max-width: 2560px) 100vw, 2560px\" \/><\/figure>\n\n\n\n<p class=\"has-text-align-center\"><em>We have parking options in several places on the farm, depending on what you are going to and where you live. See the places marked with &#8220;P&#8221; on the map above.<\/em><\/p>\n\n\n\n<p class=\"has-text-align-center\"><em>In July 2022, we installed 6 new electric car chargers behind the barn where you pay with the EasyPark app. Remember your own charging cable! Enjoy your stay!<\/em>.<\/p>\n\n\n\n<p id=\"vei-beskrivelse\"><em><strong>How to get here:<\/strong><\/em><\/p>\n\n\n\n<ul style=\"font-size:24px\" class=\"wp-block-list\">\n<li><em>Hoel G\u00e5rd is located around 1 hour and 5 minutes from Oslo Airport and 1 hour and 40 minutes from Oslo City Centre.<\/em><\/li>\n\n\n\n<li><em>Drive the E6 north until you have passed Brumunddal. Then take exit no. 73 towards Nes. Follow fv 212 until you reach fv 213, then turn left onto fv 213. You will immediately find Hoel G\u00e5rd on the right side of the road.<\/em><\/li>\n<\/ul>\n\n<\/div><\/div>","protected":false},"excerpt":{"rendered":"<p>We have parking options in several places on the farm, depending on what you are going to and where you live. See the places marked with &#8220;P&#8221; on the map above. In July 2022, we installed 6 new electric car chargers behind the barn where you pay with the EasyPark app. Remember your own charging cable! Enjoy your stay!. How to get here:<\/p>\n","protected":false},"author":1,"featured_media":0,"parent":0,"menu_order":29,"comment_status":"closed","ping_status":"closed","template":"","meta":{"_acf_changed":false,"_kad_blocks_custom_css":"","_kad_blocks_head_custom_js":"","_kad_blocks_body_custom_js":"","_kad_blocks_footer_custom_js":"","pgc_sgb_lightbox_settings":"","footnotes":""},"class_list":["post-1491","page","type-page","status-publish"],"acf":[],"yoast_head":"<!-- This site is optimized with the Yoast SEO plugin v27.5 - https:\/\/yoast.com\/product\/yoast-seo-wordpress\/ -->\n<title>History of the farm - Hoel G\u00e5rd | Herreg\u00e5rden ved Mj\u00f8sa<\/title>\n<meta name=\"robots\" content=\"index, follow, max-snippet:-1, max-image-preview:large, max-video-preview:-1\" \/>\n<link rel=\"canonical\" href=\"https:\/\/hoel-gaard.no\/en\/history-of-the-farm\/\" \/>\n<meta property=\"og:locale\" content=\"en_US\" \/>\n<meta property=\"og:type\" content=\"article\" \/>\n<meta property=\"og:title\" content=\"History of the farm - Hoel G\u00e5rd | Herreg\u00e5rden ved Mj\u00f8sa\" \/>\n<meta property=\"og:description\" content=\"We have parking options in several places on the farm, depending on what you are going to and where you live. See the places marked with &#8220;P&#8221; on the map above. In July 2022, we installed 6 new electric car chargers behind the barn where you pay with the EasyPark app. Remember your own charging cable! Enjoy your stay!. How to get here:\" \/>\n<meta property=\"og:url\" content=\"https:\/\/hoel-gaard.no\/en\/history-of-the-farm\/\" \/>\n<meta property=\"og:site_name\" content=\"Hoel G\u00e5rd | Herreg\u00e5rden ved Mj\u00f8sa\" \/>\n<meta property=\"article:publisher\" content=\"https:\/\/www.facebook.com\/Hoelgard\/\" \/>\n<meta property=\"article:modified_time\" content=\"2025-12-05T09:47:34+00:00\" \/>\n<meta property=\"og:image\" content=\"https:\/\/hoel-gaard.no\/wp-content\/uploads\/2025\/03\/oivindhaug_Hoel_Gard_13-10-22_3389.jpg\" \/>\n<meta name=\"twitter:card\" content=\"summary_large_image\" \/>\n<meta name=\"twitter:label1\" content=\"Est. reading time\" \/>\n\t<meta name=\"twitter:data1\" content=\"6 minutes\" \/>\n<script type=\"application\/ld+json\" class=\"yoast-schema-graph\">{\"@context\":\"https:\\\/\\\/schema.org\",\"@graph\":[{\"@type\":\"WebPage\",\"@id\":\"https:\\\/\\\/hoel-gaard.no\\\/en\\\/history-of-the-farm\\\/\",\"url\":\"https:\\\/\\\/hoel-gaard.no\\\/en\\\/history-of-the-farm\\\/\",\"name\":\"History of the farm - Hoel G\u00e5rd | Herreg\u00e5rden ved Mj\u00f8sa\",\"isPartOf\":{\"@id\":\"https:\\\/\\\/hoel-gaard.no\\\/#website\"},\"primaryImageOfPage\":{\"@id\":\"https:\\\/\\\/hoel-gaard.no\\\/en\\\/history-of-the-farm\\\/#primaryimage\"},\"image\":{\"@id\":\"https:\\\/\\\/hoel-gaard.no\\\/en\\\/history-of-the-farm\\\/#primaryimage\"},\"thumbnailUrl\":\"https:\\\/\\\/hoel-gaard.no\\\/wp-content\\\/uploads\\\/2025\\\/03\\\/oivindhaug_Hoel_Gard_13-10-22_3389.jpg\",\"datePublished\":\"2022-06-28T07:17:47+00:00\",\"dateModified\":\"2025-12-05T09:47:34+00:00\",\"breadcrumb\":{\"@id\":\"https:\\\/\\\/hoel-gaard.no\\\/en\\\/history-of-the-farm\\\/#breadcrumb\"},\"inLanguage\":\"en-US\",\"potentialAction\":[{\"@type\":\"ReadAction\",\"target\":[\"https:\\\/\\\/hoel-gaard.no\\\/en\\\/history-of-the-farm\\\/\"]}]},{\"@type\":\"ImageObject\",\"inLanguage\":\"en-US\",\"@id\":\"https:\\\/\\\/hoel-gaard.no\\\/en\\\/history-of-the-farm\\\/#primaryimage\",\"url\":\"https:\\\/\\\/hoel-gaard.no\\\/wp-content\\\/uploads\\\/2025\\\/03\\\/oivindhaug_Hoel_Gard_13-10-22_3389.jpg\",\"contentUrl\":\"https:\\\/\\\/hoel-gaard.no\\\/wp-content\\\/uploads\\\/2025\\\/03\\\/oivindhaug_Hoel_Gard_13-10-22_3389.jpg\"},{\"@type\":\"BreadcrumbList\",\"@id\":\"https:\\\/\\\/hoel-gaard.no\\\/en\\\/history-of-the-farm\\\/#breadcrumb\",\"itemListElement\":[{\"@type\":\"ListItem\",\"position\":1,\"name\":\"Hjem\",\"item\":\"https:\\\/\\\/hoel-gaard.no\\\/en\\\/\"},{\"@type\":\"ListItem\",\"position\":2,\"name\":\"History of the farm\"}]},{\"@type\":\"WebSite\",\"@id\":\"https:\\\/\\\/hoel-gaard.no\\\/#website\",\"url\":\"https:\\\/\\\/hoel-gaard.no\\\/\",\"name\":\"Hoel G\u00e5rd | Herreg\u00e5rden ved Mj\u00f8sa\",\"description\":\"Herreg\u00e5rden ved Mj\u00f8sa\",\"publisher\":{\"@id\":\"https:\\\/\\\/hoel-gaard.no\\\/#organization\"},\"potentialAction\":[{\"@type\":\"SearchAction\",\"target\":{\"@type\":\"EntryPoint\",\"urlTemplate\":\"https:\\\/\\\/hoel-gaard.no\\\/?s={search_term_string}\"},\"query-input\":{\"@type\":\"PropertyValueSpecification\",\"valueRequired\":true,\"valueName\":\"search_term_string\"}}],\"inLanguage\":\"en-US\"},{\"@type\":\"Organization\",\"@id\":\"https:\\\/\\\/hoel-gaard.no\\\/#organization\",\"name\":\"Hoel G\u00e5rd | Herreg\u00e5rden ved Mj\u00f8sa\",\"url\":\"https:\\\/\\\/hoel-gaard.no\\\/\",\"logo\":{\"@type\":\"ImageObject\",\"inLanguage\":\"en-US\",\"@id\":\"https:\\\/\\\/hoel-gaard.no\\\/#\\\/schema\\\/logo\\\/image\\\/\",\"url\":\"https:\\\/\\\/hoel-gaard.no\\\/wp-content\\\/uploads\\\/2022\\\/06\\\/HG_logo_skrift.svg\",\"contentUrl\":\"https:\\\/\\\/hoel-gaard.no\\\/wp-content\\\/uploads\\\/2022\\\/06\\\/HG_logo_skrift.svg\",\"width\":220,\"height\":35,\"caption\":\"Hoel G\u00e5rd | Herreg\u00e5rden ved Mj\u00f8sa\"},\"image\":{\"@id\":\"https:\\\/\\\/hoel-gaard.no\\\/#\\\/schema\\\/logo\\\/image\\\/\"},\"sameAs\":[\"https:\\\/\\\/www.facebook.com\\\/Hoelgard\\\/\"]}]}<\/script>\n<!-- \/ Yoast SEO plugin. -->","yoast_head_json":{"title":"History of the farm - Hoel G\u00e5rd | Herreg\u00e5rden ved Mj\u00f8sa","robots":{"index":"index","follow":"follow","max-snippet":"max-snippet:-1","max-image-preview":"max-image-preview:large","max-video-preview":"max-video-preview:-1"},"canonical":"https:\/\/hoel-gaard.no\/en\/history-of-the-farm\/","og_locale":"en_US","og_type":"article","og_title":"History of the farm - Hoel G\u00e5rd | Herreg\u00e5rden ved Mj\u00f8sa","og_description":"We have parking options in several places on the farm, depending on what you are going to and where you live. See the places marked with &#8220;P&#8221; on the map above. In July 2022, we installed 6 new electric car chargers behind the barn where you pay with the EasyPark app. Remember your own charging cable! Enjoy your stay!. How to get here:","og_url":"https:\/\/hoel-gaard.no\/en\/history-of-the-farm\/","og_site_name":"Hoel G\u00e5rd | Herreg\u00e5rden ved Mj\u00f8sa","article_publisher":"https:\/\/www.facebook.com\/Hoelgard\/","article_modified_time":"2025-12-05T09:47:34+00:00","og_image":[{"url":"https:\/\/hoel-gaard.no\/wp-content\/uploads\/2025\/03\/oivindhaug_Hoel_Gard_13-10-22_3389.jpg","type":"","width":"","height":""}],"twitter_card":"summary_large_image","twitter_misc":{"Est. reading time":"6 minutes"},"schema":{"@context":"https:\/\/schema.org","@graph":[{"@type":"WebPage","@id":"https:\/\/hoel-gaard.no\/en\/history-of-the-farm\/","url":"https:\/\/hoel-gaard.no\/en\/history-of-the-farm\/","name":"History of the farm - Hoel G\u00e5rd | Herreg\u00e5rden ved Mj\u00f8sa","isPartOf":{"@id":"https:\/\/hoel-gaard.no\/#website"},"primaryImageOfPage":{"@id":"https:\/\/hoel-gaard.no\/en\/history-of-the-farm\/#primaryimage"},"image":{"@id":"https:\/\/hoel-gaard.no\/en\/history-of-the-farm\/#primaryimage"},"thumbnailUrl":"https:\/\/hoel-gaard.no\/wp-content\/uploads\/2025\/03\/oivindhaug_Hoel_Gard_13-10-22_3389.jpg","datePublished":"2022-06-28T07:17:47+00:00","dateModified":"2025-12-05T09:47:34+00:00","breadcrumb":{"@id":"https:\/\/hoel-gaard.no\/en\/history-of-the-farm\/#breadcrumb"},"inLanguage":"en-US","potentialAction":[{"@type":"ReadAction","target":["https:\/\/hoel-gaard.no\/en\/history-of-the-farm\/"]}]},{"@type":"ImageObject","inLanguage":"en-US","@id":"https:\/\/hoel-gaard.no\/en\/history-of-the-farm\/#primaryimage","url":"https:\/\/hoel-gaard.no\/wp-content\/uploads\/2025\/03\/oivindhaug_Hoel_Gard_13-10-22_3389.jpg","contentUrl":"https:\/\/hoel-gaard.no\/wp-content\/uploads\/2025\/03\/oivindhaug_Hoel_Gard_13-10-22_3389.jpg"},{"@type":"BreadcrumbList","@id":"https:\/\/hoel-gaard.no\/en\/history-of-the-farm\/#breadcrumb","itemListElement":[{"@type":"ListItem","position":1,"name":"Hjem","item":"https:\/\/hoel-gaard.no\/en\/"},{"@type":"ListItem","position":2,"name":"History of the farm"}]},{"@type":"WebSite","@id":"https:\/\/hoel-gaard.no\/#website","url":"https:\/\/hoel-gaard.no\/","name":"Hoel G\u00e5rd | Herreg\u00e5rden ved Mj\u00f8sa","description":"Herreg\u00e5rden ved Mj\u00f8sa","publisher":{"@id":"https:\/\/hoel-gaard.no\/#organization"},"potentialAction":[{"@type":"SearchAction","target":{"@type":"EntryPoint","urlTemplate":"https:\/\/hoel-gaard.no\/?s={search_term_string}"},"query-input":{"@type":"PropertyValueSpecification","valueRequired":true,"valueName":"search_term_string"}}],"inLanguage":"en-US"},{"@type":"Organization","@id":"https:\/\/hoel-gaard.no\/#organization","name":"Hoel G\u00e5rd | Herreg\u00e5rden ved Mj\u00f8sa","url":"https:\/\/hoel-gaard.no\/","logo":{"@type":"ImageObject","inLanguage":"en-US","@id":"https:\/\/hoel-gaard.no\/#\/schema\/logo\/image\/","url":"https:\/\/hoel-gaard.no\/wp-content\/uploads\/2022\/06\/HG_logo_skrift.svg","contentUrl":"https:\/\/hoel-gaard.no\/wp-content\/uploads\/2022\/06\/HG_logo_skrift.svg","width":220,"height":35,"caption":"Hoel G\u00e5rd | Herreg\u00e5rden ved Mj\u00f8sa"},"image":{"@id":"https:\/\/hoel-gaard.no\/#\/schema\/logo\/image\/"},"sameAs":["https:\/\/www.facebook.com\/Hoelgard\/"]}]}},"taxonomy_info":[],"featured_image_src_large":false,"author_info":{"display_name":"Rikard Andresen","author_link":"https:\/\/hoel-gaard.no\/en\/author\/rikard-andresen\/"},"comment_info":0,"_links":{"self":[{"href":"https:\/\/hoel-gaard.no\/en\/wp-json\/wp\/v2\/pages\/1491","targetHints":{"allow":["GET"]}}],"collection":[{"href":"https:\/\/hoel-gaard.no\/en\/wp-json\/wp\/v2\/pages"}],"about":[{"href":"https:\/\/hoel-gaard.no\/en\/wp-json\/wp\/v2\/types\/page"}],"author":[{"embeddable":true,"href":"https:\/\/hoel-gaard.no\/en\/wp-json\/wp\/v2\/users\/1"}],"replies":[{"embeddable":true,"href":"https:\/\/hoel-gaard.no\/en\/wp-json\/wp\/v2\/comments?post=1491"}],"version-history":[{"count":5,"href":"https:\/\/hoel-gaard.no\/en\/wp-json\/wp\/v2\/pages\/1491\/revisions"}],"predecessor-version":[{"id":5589,"href":"https:\/\/hoel-gaard.no\/en\/wp-json\/wp\/v2\/pages\/1491\/revisions\/5589"}],"wp:attachment":[{"href":"https:\/\/hoel-gaard.no\/en\/wp-json\/wp\/v2\/media?parent=1491"}],"curies":[{"name":"wp","href":"https:\/\/api.w.org\/{rel}","templated":true}]}}